{"version":"1.0","provider_name":"Little more attention","provider_url":"https:\/\/attention.cafeblog.hu","author_name":"AmyofNo","author_url":"https:\/\/attention.cafeblog.hu\/author\/amyofno\/","title":"A k\u00f6nyvtolvaj","html":"<div><a style=\"clear: left;float: left;margin-bottom: 1em;margin-right: 1em\" href=\"https:\/\/attention.cafeblog.hu\/files\/2014\/08\/AKonyvtolvaj_12_800x1154_2.jpg\"><img src=\"https:\/\/attention.cafeblog.hu\/files\/2014\/08\/AKonyvtolvaj_12_800x1154_2.jpg\" alt=\"\" width=\"221\" height=\"320\" border=\"0\" \/><\/a><\/div>\r\nA k\u00f6nyvtolvaj filmes adapt\u00e1ci\u00f3ja nem hagyott akkora nyomot, mint amekkor\u00e1ra sz\u00e1m\u00edtottam. Egy sokat feldolgozott t\u00e9m\u00e1r\u00f3l van sz\u00f3, a n\u00e1ci N\u00e9metorsz\u00e1g \u00a0a m\u00e1sodik vil\u00e1gh\u00e1bor\u00faban. Azt a t\u00edz sz\u00e1zal\u00e9kot mutatja be, akik nem h\u00f3doltak be a rendszernek. Tal\u00e1lkozunk egy \u00e1rva kisl\u00e1nnyal Liesel-el, egy zsid\u00f3 fi\u00faval, Max-al, aki bujk\u00e1l, r\u00e9szt vesz\u00fcnk egy k\u00f6nyv\u00e9get\u00e9sen \u00e9s tal\u00e1lkozunk n\u00e1cikkal. A t\u00f6rt\u00e9net m\u00e9gsem olyan megragad\u00f3, neh\u00e9z is lenne elmes\u00e9lni, mi volt a c\u00e9lja a filmnek. A k\u00f6nyv viszont nem meglep\u0151, hogy sokkal t\u00f6bb inform\u00e1ci\u00f3val szolg\u00e1l, mely \u00e1ltal meg\u00e9rthetj\u00fck a t\u00f6rt\u00e9net l\u00e9nyeg\u00e9t.\r\nNem mindennapi m\u00f3don t\u00f6rt\u00e9nik az elbesz\u00e9l\u00e9s, hiszen az eg\u00e9sz t\u00f6rt\u00e9netet a Hal\u00e1l mes\u00e9li el. Eleinte kiss\u00e9 zavaros, sz\u00ednekr\u0151l, szagokr\u00f3l \u00e9s elvont dolgokr\u00f3l besz\u00e9l, de ut\u00e1na elkezd\u0151dik a t\u00f6rt\u00e9net, amit az\u00e9rt ismerhet\u00fcnk meg, mert a hal\u00e1l t\u00f6bbsz\u00f6r is tal\u00e1lkozott szerepl\u0151inkkel. Liesel \u00faj nevel\u0151sz\u00fcleihez tart, amikor \u00fatk\u00f6zben meghal az \u00f6ccse.\r\nNem is tudom, hogy egy \u00faj\u00edt\u00e1s \u00e9s egyben j\u00f3 \u00f6tlet-e, hogy ily m\u00f3don van elmondva a t\u00f6rt\u00e9net, a hal\u00e1l kifigur\u00e1z\u00e1sa-e, mert ha belegondolunk a Hal\u00e1l egy\u00e1ltal\u00e1n nem ilyen. Az itt megjelen\u0151 \"szellem\" tud vid\u00e1m lenni, van sz\u00edve \u00e9s t\u00fal lehet j\u00e1rni az esz\u00e9n. Elgondolkodik tov\u00e1bb\u00e1 az emberek tudatlans\u00e1g\u00e1n:\r\n<i>\r\n<\/i><i>\"Egy apr\u00f3, de fontos megjegyz\u00e9s<\/i>\r\n<i>Annyi sok fiatalembert l\u00e1ttam az \u00e9vek sor\u00e1n, akik azt hitt\u00e9k m\u00e1s fiatalemberek fel\u00e9 futnak. Pedig nem. \u00c9nfel\u00e9m futnak.\"<\/i> - Ehhez hasonl\u00f3 kis megszak\u00edt\u00e1sok jellemzik a t\u00f6rt\u00e9netet, amikor elbesz\u00e9l\u0151nk hozz\u00e1f\u0171z b\u00f6lcs magyar\u00e1zatokat.\r\n<div><i>\u00a0<\/i><\/div>\r\n<i>N\u00e9h\u00e1ny statisztikai inform\u00e1ci\u00f3<\/i>\r\n<i>Es\u0151 ellopott k\u00f6nyv: 1939. janu\u00e1r 13.<\/i>\r\n<i>M\u00e1sodik ellopott k\u00fcnyv: 1940. \u00e1prilis 20.<\/i>\r\n<i>A k\u00e9t lop\u00e1s k\u00f6z\u00f6tt eltelt id\u0151: 463 nap.<\/i>\r\n<div><\/div>\r\n<div>Liesel analfab\u00e9tak\u00e9nt ker\u00fcl nevel\u0151sz\u00fcl\u0151kh\u00f6z, de nevel\u0151apj\u00e1t Hans Hubermannt nagyon megkedveli, \u0151 \u00a0az, aki megtan\u00edtotta olvasni, aki minden \u00e9jjel, amikor r\u00e9m\u00e1lma van, f\u00f6lkel \u00e9s egy\u00fctt olvasnak, egy meg\u00e9rt\u0151 sz\u00edv, aki nem ment el:<\/div>\r\n<i>Egy defin\u00edci\u00f3, ami nem tal\u00e1lhat\u00f3 meg a sz\u00f3t\u00e1rban<\/i>\r\n<i>Nem elmenni: a bizalom \u00e9s a szeretet aktusa, amit a gyerekek szinte mindig meg\u00e9rtenek.<\/i>\r\n\r\nLiesel sok mindent nem \u00e9rt, hogy anyja mi\u00e9rt hagyta el, mi\u00e9rt nem v\u00e1laszol leveleire, mi\u00e9rt \u00e9getnek k\u00f6nyveket az utc\u00e1n, de egy valamit biztosan tud:\r\n\r\n<i>Egy kis \u00f6sszead\u00e1s<\/i>\r\n<i>A kommunista sz\u00f3\u00a0+ egy nagy m\u00e1glya\u00a0+ sok halott lev\u00e9l\u00a0+ anyj\u00e1nak szenved\u00e9se\u00a0+ \u00f6ccs\u00e9nek hal\u00e1la = a F\u00fchrer<\/i>\r\n\r\nA neh\u00e9z k\u00f6r\u00fclm\u00e9nyek ellen\u00e9re m\u00e9gis pr\u00f3b\u00e1l boldogulni, \u00e9lni az \u00e9let\u00e9t, lesz egy bar\u00e1tja Rudy, egyre k\u00f6zelebb ker\u00fcl \u00faj sz\u00fcleihez \u00e9s nagyon sokat olvas:\r\n\r\n<i>Kulcsok a boldogs\u00e1ghoz<\/i>\r\n<i>1. Kiolvasni A sir\u00e1s\u00f3 k\u00e9zik\u00f6nyv\u00e9t.<\/i>\r\n<i>2. Elker\u00fclni M\u00e1ria n\u0151v\u00e9r haragj\u00e1t.<\/i>\r\n<i>3. K\u00e9t k\u00f6nyvet kapni kar\u00e1csonyra.<\/i>\r\n<i>\r\n<\/i>A k\u00f6nyv mag\u00e1val ragad\u00f3, \u00e9lvezetes \u00e9s elgondolkodtat\u00f3, k\u00fcl\u00f6n\u00f6sen a beillesztett hozz\u00e1f\u0171z\u00e9sekkel.\r\n<i>\r\n<\/i>\r\n<div><object class=\"\" width=\"320\" height=\"266\" codebase=\"http:\/\/download.macromedia.com\/pub\/shockwave\/cabs\/flash\/swflash.cab#version=6,0,40,0\"><param name=\"movie\" value=\"https:\/\/youtube.googleapis.com\/v\/D7S3W_xuDZg&amp;source=uds\" \/><param name=\"bgcolor\" value=\"#FFFFFF\" \/><param name=\"allowFullScreen\" value=\"true\" \/><embed width=\"320\" height=\"266\" src=\"https:\/\/youtube.googleapis.com\/v\/D7S3W_xuDZg&amp;source=uds\" type=\"application\/x-shockwave-flash\" allowfullscreen=\"allowfullscreen\" \/><\/object><\/div>","type":"rich","thumbnail_url":"https:\/\/attention.cafeblog.hu\/files\/2014\/08\/AKonyvtolvaj_12_800x1154_2-150x150.jpg","thumbnail_width":150,"thumbnail_height":150}